{"id":20389,"date":"2021-03-05T18:49:50","date_gmt":"2021-03-05T15:49:50","guid":{"rendered":"https:\/\/kutluyayinevi.com\/magaza\/?post_type=product&#038;p=20389"},"modified":"2025-01-31T12:17:29","modified_gmt":"2025-01-31T09:17:29","slug":"baybars-adaletin-kilici-mustafa-aslan","status":"publish","type":"product","link":"https:\/\/kutluyayinevi.com\/magaza\/urun\/baybars-adaletin-kilici-mustafa-aslan\/","title":{"rendered":"Baybars &#8211; Adaletin K\u0131l\u0131c\u0131 &#8211; Mustafa Aslan"},"content":{"rendered":"","protected":false},"excerpt":{"rendered":"<p>\u201c\u0130lk d\u00fc\u015fen damla, kuru topra\u011f\u0131 e\u015fip tozunu kald\u0131r\u0131yor, bir ba\u015fka damla, havalanan tozun dans\u0131n\u0131 bozup onu yere yap\u0131\u015ft\u0131r\u0131yordu. Bu damlalar, tozlarla birle\u015fip k\u00fc\u00e7\u00fck ak\u0131nt\u0131lar h\u00e2linde k\u0131sa bir yol ald\u0131ktan sonra \u00e7atlaklara doluyordu. A\u011fa\u00e7larda sararan ve saplar\u0131 g\u00fc\u00e7s\u00fczle\u015fen yapraklar, \u0131slakl\u0131\u011f\u0131n verdi\u011fi a\u011f\u0131rl\u0131kla yere d\u00fc\u015f\u00fcyordu. Da\u011flar\u0131n aras\u0131ndaki geni\u015f vadiye kurulmu\u015f Kay\u0131p \u015eehir\u2019de ya\u011fan ya\u011fmur, Altay Da\u011flar\u0131n\u0131n zirvelerinde mevsimin ilk kar\u0131 olarak kendini g\u00f6steriyordu.<\/p>\n<p>Binalar\u0131, yollar\u0131 y\u0131kayan ya\u011fmur sanki i\u015flenen g\u00fcnahlar\u0131 da y\u0131kay\u0131p oluklardan s\u00fcr\u00fckleyerek yeralt\u0131n\u0131n dehlizlerine hapsediyordu.<\/p>\n<p>Baybars ve Tumanbay, otel odalar\u0131n\u0131n balkonunda ak\u015fam \u00e7aylar\u0131n\u0131 i\u00e7erlerken balkonun a\u00e7\u0131k kap\u0131s\u0131ndan oda kap\u0131s\u0131n\u0131n \u00e7al\u0131nd\u0131\u011f\u0131n\u0131 duydular. Kap\u0131n\u0131n alt\u0131ndan yine bir zarf uzat\u0131lm\u0131\u015ft\u0131. S\u0131rada uyu\u015fturucu ticareti lideri ve Esir \u00dclke Baronu \u015ein vard\u0131.\u201d<\/p>\n<p>Eserde, Sultan Baybars anlat\u0131lmamaktad\u0131r. Onun muhte\u015fem hayat hik\u00e2yesi ve ki\u015fili\u011fi g\u00fcn\u00fcm\u00fcze uyarlanm\u0131\u015ft\u0131r. Keyif ve heyecanla okuman\u0131z temennisiyle\u2026<\/p>\n","protected":false},"featured_media":20390,"comment_status":"closed","ping_status":"closed","template":"","meta":[],"product_brand":[],"product_cat":[24],"product_tag":[],"class_list":{"0":"post-20389","1":"product","2":"type-product","3":"status-publish","4":"has-post-thumbnail","6":"product_cat-roman","8":"first","9":"instock","10":"sale","11":"shipping-taxable","12":"purchasable","13":"product-type-simple"},"_links":{"self":[{"href":"https:\/\/kutluyayinevi.com\/magaza\/wp-json\/wp\/v2\/product\/20389","targetHints":{"allow":["GET"]}}],"collection":[{"href":"https:\/\/kutluyayinevi.com\/magaza\/wp-json\/wp\/v2\/product"}],"about":[{"href":"https:\/\/kutluyayinevi.com\/magaza\/wp-json\/wp\/v2\/types\/product"}],"replies":[{"embeddable":true,"href":"https:\/\/kutluyayinevi.com\/magaza\/wp-json\/wp\/v2\/comments?post=20389"}],"wp:featuredmedia":[{"embeddable":true,"href":"https:\/\/kutluyayinevi.com\/magaza\/wp-json\/wp\/v2\/media\/20390"}],"wp:attachment":[{"href":"https:\/\/kutluyayinevi.com\/magaza\/wp-json\/wp\/v2\/media?parent=20389"}],"wp:term":[{"taxonomy":"product_brand","embeddable":true,"href":"https:\/\/kutluyayinevi.com\/magaza\/wp-json\/wp\/v2\/product_brand?post=20389"},{"taxonomy":"product_cat","embeddable":true,"href":"https:\/\/kutluyayinevi.com\/magaza\/wp-json\/wp\/v2\/product_cat?post=20389"},{"taxonomy":"product_tag","embeddable":true,"href":"https:\/\/kutluyayinevi.com\/magaza\/wp-json\/wp\/v2\/product_tag?post=20389"}],"curies":[{"name":"wp","href":"https:\/\/api.w.org\/{rel}","templated":true}]}}