{"id":23911,"date":"2025-08-07T18:29:48","date_gmt":"2025-08-07T15:29:48","guid":{"rendered":"https:\/\/kutluyayinevi.com\/magaza\/?post_type=product&#038;p=23911"},"modified":"2025-08-07T18:29:48","modified_gmt":"2025-08-07T15:29:48","slug":"ben-sorularimin-cevabini-buldum-fatih-karademir","status":"publish","type":"product","link":"https:\/\/kutluyayinevi.com\/magaza\/urun\/ben-sorularimin-cevabini-buldum-fatih-karademir\/","title":{"rendered":"Ben Sorular\u0131m\u0131n Cevab\u0131n\u0131 Buldum &#8211; Fatih Karademir"},"content":{"rendered":"<p>Elinizdeki bu kitap, ateizm, deizm ve darwinizm&#8217;i bir hastal\u0131k olarak ele al\u0131p incelemekte ve bu \u00fc\u00e7 meseleyi rahat bir uslupla okuyucuya aktarmaktad\u0131r. Kitapta dinsizlik hastal\u0131\u011f\u0131n\u0131n \u00fc\u00e7 meselesi hem i\u00e7 i\u00e7e hem de ayr\u0131 ba\u015fl\u0131klarla ele al\u0131nm\u0131\u015ft\u0131r. \u00c7\u00fcnk\u00fc, \u201cateizm, deizm ve darwinizm\u201d ayr\u0131 d\u00fc\u015f\u00fcnceleri ifade ediyor gibi g\u00f6r\u00fcnse de bu \u00fc\u00e7 d\u00fc\u015f\u00fcnce dinsizlik temelinde bir oldu\u011fu i\u00e7in ok\u0131yucuya ortak bir yakla\u015f\u0131mla sunulmu\u015ftur. Kitap, \u201cBen Sorular\u0131m\u0131n Cevab\u0131n\u0131 Buldum\u201d ismiyle zaten her \u015feyi \u00f6zetliyor. Bu eserde, dinsizli\u011fin alt dallar\u0131 olan ateizm, deizm ve darwinizm\u2019in hangi yanl\u0131\u015flarla insanlar\u0131 ink\u00e2ra sapt\u0131rd\u0131\u011f\u0131n\u0131 \u00e7ok geni\u015f bir \u00e7er\u00e7evede bulmu\u015f olacaks\u0131n\u0131z.<\/p>\n","protected":false},"excerpt":{"rendered":"<p>Elinizdeki bu kitap, ateizm, deizm ve darwinizm&#8217;i bir hastal\u0131k olarak ele al\u0131p incelemekte ve bu \u00fc\u00e7 meseleyi rahat bir uslupla okuyucuya aktarmaktad\u0131r. Kitapta dinsizlik hastal\u0131\u011f\u0131n\u0131n \u00fc\u00e7 meselesi hem i\u00e7 i\u00e7e hem de ayr\u0131 ba\u015fl\u0131klarla ele al\u0131nm\u0131\u015ft\u0131r. \u00c7\u00fcnk\u00fc, \u201cateizm, deizm ve darwinizm\u201d ayr\u0131 d\u00fc\u015f\u00fcnceleri ifade ediyor gibi g\u00f6r\u00fcnse de bu \u00fc\u00e7 d\u00fc\u015f\u00fcnce dinsizlik temelinde bir oldu\u011fu [&hellip;]<\/p>\n","protected":false},"featured_media":23912,"comment_status":"closed","ping_status":"closed","template":"","meta":[],"product_brand":[],"product_cat":[19],"product_tag":[],"class_list":{"0":"post-23911","1":"product","2":"type-product","3":"status-publish","4":"has-post-thumbnail","6":"product_cat-din-tasavvuf","8":"first","9":"instock","10":"sale","11":"shipping-taxable","12":"purchasable","13":"product-type-simple"},"_links":{"self":[{"href":"https:\/\/kutluyayinevi.com\/magaza\/wp-json\/wp\/v2\/product\/23911","targetHints":{"allow":["GET"]}}],"collection":[{"href":"https:\/\/kutluyayinevi.com\/magaza\/wp-json\/wp\/v2\/product"}],"about":[{"href":"https:\/\/kutluyayinevi.com\/magaza\/wp-json\/wp\/v2\/types\/product"}],"replies":[{"embeddable":true,"href":"https:\/\/kutluyayinevi.com\/magaza\/wp-json\/wp\/v2\/comments?post=23911"}],"wp:featuredmedia":[{"embeddable":true,"href":"https:\/\/kutluyayinevi.com\/magaza\/wp-json\/wp\/v2\/media\/23912"}],"wp:attachment":[{"href":"https:\/\/kutluyayinevi.com\/magaza\/wp-json\/wp\/v2\/media?parent=23911"}],"wp:term":[{"taxonomy":"product_brand","embeddable":true,"href":"https:\/\/kutluyayinevi.com\/magaza\/wp-json\/wp\/v2\/product_brand?post=23911"},{"taxonomy":"product_cat","embeddable":true,"href":"https:\/\/kutluyayinevi.com\/magaza\/wp-json\/wp\/v2\/product_cat?post=23911"},{"taxonomy":"product_tag","embeddable":true,"href":"https:\/\/kutluyayinevi.com\/magaza\/wp-json\/wp\/v2\/product_tag?post=23911"}],"curies":[{"name":"wp","href":"https:\/\/api.w.org\/{rel}","templated":true}]}}