{"id":24213,"date":"2026-02-02T13:25:40","date_gmt":"2026-02-02T10:25:40","guid":{"rendered":"https:\/\/kutluyayinevi.com\/magaza\/?post_type=product&#038;p=24213"},"modified":"2026-02-02T13:25:41","modified_gmt":"2026-02-02T10:25:41","slug":"bekar-anne-elif-kocakaya","status":"publish","type":"product","link":"https:\/\/kutluyayinevi.com\/magaza\/urun\/bekar-anne-elif-kocakaya\/","title":{"rendered":"Bekar Anne &#8211; Elif Kocakaya"},"content":{"rendered":"<div class=\"css-1bqf25i\">\n<div class=\"ak-renderer-document\">\n<p data-renderer-start-pos=\"1\">Canan\u2019\u0131n y\u00fcre\u011findeki s\u0131k\u0131nt\u0131n\u0131n sebebi ortaya \u00e7\u0131km\u0131\u015ft\u0131. Ne ac\u0131yd\u0131 ki hen\u00fcz bebek ya\u015fta kaderine karar verilmi\u015fti. Babas\u0131 ona sormadan; akrabalar\u0131n\u0131n o\u011flu ile be\u015fik kertmesi yapm\u0131\u015f, Canan\u2019\u0131n kaderini y\u0131llar \u00f6nce \u00e7izmi\u015fti. Adeta k\u0131z\u0131n\u0131n y\u00fcre\u011fini bebek ya\u015fta m\u00fch\u00fcrlemi\u015fti.<\/p>\n<p data-renderer-start-pos=\"272\">Canan, duyduklar\u0131 kar\u015f\u0131s\u0131nda y\u00fcz\u00fcn\u00fc kaplayan ac\u0131 tebess\u00fcmle oldu\u011fu yerde kalakalm\u0131\u015ft\u0131. Bir s\u00fcre bedeni kilitlenmi\u015f, dili lal olmu\u015ftu. \u0130\u015fittiklerini idrak ettik\u00e7e y\u00fcre\u011fi daral\u0131yor, bedeni k\u00fc\u00e7\u00fcl\u00fcyordu. Eli aya\u011f\u0131 bo\u015falm\u0131\u015f, bedenini kontrol edemez olmu\u015ftu. Avucunda ta\u015f\u0131d\u0131\u011f\u0131 k\u0131r \u00e7i\u00e7ekleri istemsizce yere d\u00fc\u015fm\u00fc\u015ft\u00fc. Etrafa sa\u00e7\u0131lan \u00e7i\u00e7eklerin bile idrakinde de\u011fildi. Yere y\u0131\u011f\u0131lmamak i\u00e7in birka\u00e7 ad\u0131m \u00f6tesindeki tahta sandalyeye elini dayayarak g\u00fc\u00e7 almak istedi. Sanki i\u00e7ine bir b\u0131\u00e7ak saplanm\u0131\u015f, y\u00fcre\u011fi parampar\u00e7a edilmi\u015fti.<\/p>\n<\/div>\n<\/div>\n","protected":false},"excerpt":{"rendered":"<p>Canan\u2019\u0131n y\u00fcre\u011findeki s\u0131k\u0131nt\u0131n\u0131n sebebi ortaya \u00e7\u0131km\u0131\u015ft\u0131. Ne ac\u0131yd\u0131 ki hen\u00fcz bebek ya\u015fta kaderine karar verilmi\u015fti. Babas\u0131 ona sormadan; akrabalar\u0131n\u0131n o\u011flu ile be\u015fik kertmesi yapm\u0131\u015f, Canan\u2019\u0131n kaderini y\u0131llar \u00f6nce \u00e7izmi\u015fti. Adeta k\u0131z\u0131n\u0131n y\u00fcre\u011fini bebek ya\u015fta m\u00fch\u00fcrlemi\u015fti. Canan, duyduklar\u0131 kar\u015f\u0131s\u0131nda y\u00fcz\u00fcn\u00fc kaplayan ac\u0131 tebess\u00fcmle oldu\u011fu yerde kalakalm\u0131\u015ft\u0131. Bir s\u00fcre bedeni kilitlenmi\u015f, dili lal olmu\u015ftu. \u0130\u015fittiklerini idrak ettik\u00e7e [&hellip;]<\/p>\n","protected":false},"featured_media":24214,"comment_status":"closed","ping_status":"closed","template":"","meta":[],"product_brand":[],"product_cat":[24],"product_tag":[],"class_list":{"0":"post-24213","1":"product","2":"type-product","3":"status-publish","4":"has-post-thumbnail","6":"product_cat-roman","8":"first","9":"instock","10":"sale","11":"shipping-taxable","12":"purchasable","13":"product-type-simple"},"_links":{"self":[{"href":"https:\/\/kutluyayinevi.com\/magaza\/wp-json\/wp\/v2\/product\/24213","targetHints":{"allow":["GET"]}}],"collection":[{"href":"https:\/\/kutluyayinevi.com\/magaza\/wp-json\/wp\/v2\/product"}],"about":[{"href":"https:\/\/kutluyayinevi.com\/magaza\/wp-json\/wp\/v2\/types\/product"}],"replies":[{"embeddable":true,"href":"https:\/\/kutluyayinevi.com\/magaza\/wp-json\/wp\/v2\/comments?post=24213"}],"wp:featuredmedia":[{"embeddable":true,"href":"https:\/\/kutluyayinevi.com\/magaza\/wp-json\/wp\/v2\/media\/24214"}],"wp:attachment":[{"href":"https:\/\/kutluyayinevi.com\/magaza\/wp-json\/wp\/v2\/media?parent=24213"}],"wp:term":[{"taxonomy":"product_brand","embeddable":true,"href":"https:\/\/kutluyayinevi.com\/magaza\/wp-json\/wp\/v2\/product_brand?post=24213"},{"taxonomy":"product_cat","embeddable":true,"href":"https:\/\/kutluyayinevi.com\/magaza\/wp-json\/wp\/v2\/product_cat?post=24213"},{"taxonomy":"product_tag","embeddable":true,"href":"https:\/\/kutluyayinevi.com\/magaza\/wp-json\/wp\/v2\/product_tag?post=24213"}],"curies":[{"name":"wp","href":"https:\/\/api.w.org\/{rel}","templated":true}]}}