{"id":24266,"date":"2026-03-05T15:41:22","date_gmt":"2026-03-05T12:41:22","guid":{"rendered":"https:\/\/kutluyayinevi.com\/magaza\/?post_type=product&#038;p=24266"},"modified":"2026-03-05T15:41:22","modified_gmt":"2026-03-05T12:41:22","slug":"kagit-adem-gelgec","status":"publish","type":"product","link":"https:\/\/kutluyayinevi.com\/magaza\/urun\/kagit-adem-gelgec\/","title":{"rendered":"K\u00e2\u011f\u0131t &#8211; Adem Gelge\u00e7"},"content":{"rendered":"<p data-renderer-start-pos=\"1\">Do\u011fum raporumuzdan \u00f6l\u00fcm raporumuza kadar her \u015fey yaz\u0131labilir bir beyaz ka\u011f\u0131da. Bilinen, \u00f6\u011frenilen, \u00f6\u011fretilen ve ya\u015fan\u0131lan her \u015fey beyaz bir k\u00e2\u011f\u0131d\u0131n eseridir asl\u0131nda. O k\u00e2\u011f\u0131tlara hayallerimizi, umutlar\u0131m\u0131z\u0131, ne\u015felerimizi, ac\u0131lar\u0131m\u0131z\u0131, \u00f6fkelerimizi, akl\u0131n\u0131za gelebilecek her t\u00fcrl\u00fc duygu ve d\u00fc\u015f\u00fcncelerimizi s\u0131\u011fd\u0131r\u0131r\u0131z. Ve bazen de beyaz bir k\u00e2\u011f\u0131tla ba\u015ftan sona de\u011fi\u015febilir hayat\u0131m\u0131z t\u0131pk\u0131 Ye\u015filyurt&#8217;ta yaln\u0131z ba\u015flar\u0131na ya\u015fayan Osman Emmi ve Sultan Ana&#8217;n\u0131n hayatlar\u0131n\u0131 de\u011fi\u015ftirdi\u011fi gibi.<\/p>\n<p data-renderer-start-pos=\"486\">Ye\u015filyurt, bozk\u0131r\u0131n ortas\u0131nda ye\u015fil kalabilmeyi ba\u015farm\u0131\u015f k\u00fc\u00e7\u00fck ve yoksul bir k\u00f6yd\u00fc. Osman Emmi ve Sultan Ana, bu k\u00f6yde \u00fc\u00e7 tane koyunlar\u0131yla birlikte yaln\u0131z ama mutlu ve huzurlu bir hayat s\u00fcrmekteydi. Ancak bir nisan sabah\u0131, k\u00f6y\u00fcn muhtar\u0131na gelen bir k\u00e2\u011f\u0131tla hayatlar\u0131 bir anda alt\u00fcst olan Osman Emmi ve Sultan Ana, o k\u00e2\u011f\u0131ttan sonra da kendilerini zorlu bir m\u00fccadelenin i\u00e7inde buldular.<\/p>\n","protected":false},"excerpt":{"rendered":"<p>Do\u011fum raporumuzdan \u00f6l\u00fcm raporumuza kadar her \u015fey yaz\u0131labilir bir beyaz ka\u011f\u0131da. Bilinen, \u00f6\u011frenilen, \u00f6\u011fretilen ve ya\u015fan\u0131lan her \u015fey beyaz bir k\u00e2\u011f\u0131d\u0131n eseridir asl\u0131nda. O k\u00e2\u011f\u0131tlara hayallerimizi, umutlar\u0131m\u0131z\u0131, ne\u015felerimizi, ac\u0131lar\u0131m\u0131z\u0131, \u00f6fkelerimizi, akl\u0131n\u0131za gelebilecek her t\u00fcrl\u00fc duygu ve d\u00fc\u015f\u00fcncelerimizi s\u0131\u011fd\u0131r\u0131r\u0131z. Ve bazen de beyaz bir k\u00e2\u011f\u0131tla ba\u015ftan sona de\u011fi\u015febilir hayat\u0131m\u0131z t\u0131pk\u0131 Ye\u015filyurt&#8217;ta yaln\u0131z ba\u015flar\u0131na ya\u015fayan Osman Emmi [&hellip;]<\/p>\n","protected":false},"featured_media":24267,"comment_status":"closed","ping_status":"closed","template":"","meta":[],"product_brand":[],"product_cat":[24],"product_tag":[],"class_list":{"0":"post-24266","1":"product","2":"type-product","3":"status-publish","4":"has-post-thumbnail","6":"product_cat-roman","8":"first","9":"instock","10":"sale","11":"shipping-taxable","12":"purchasable","13":"product-type-simple"},"_links":{"self":[{"href":"https:\/\/kutluyayinevi.com\/magaza\/wp-json\/wp\/v2\/product\/24266","targetHints":{"allow":["GET"]}}],"collection":[{"href":"https:\/\/kutluyayinevi.com\/magaza\/wp-json\/wp\/v2\/product"}],"about":[{"href":"https:\/\/kutluyayinevi.com\/magaza\/wp-json\/wp\/v2\/types\/product"}],"replies":[{"embeddable":true,"href":"https:\/\/kutluyayinevi.com\/magaza\/wp-json\/wp\/v2\/comments?post=24266"}],"wp:featuredmedia":[{"embeddable":true,"href":"https:\/\/kutluyayinevi.com\/magaza\/wp-json\/wp\/v2\/media\/24267"}],"wp:attachment":[{"href":"https:\/\/kutluyayinevi.com\/magaza\/wp-json\/wp\/v2\/media?parent=24266"}],"wp:term":[{"taxonomy":"product_brand","embeddable":true,"href":"https:\/\/kutluyayinevi.com\/magaza\/wp-json\/wp\/v2\/product_brand?post=24266"},{"taxonomy":"product_cat","embeddable":true,"href":"https:\/\/kutluyayinevi.com\/magaza\/wp-json\/wp\/v2\/product_cat?post=24266"},{"taxonomy":"product_tag","embeddable":true,"href":"https:\/\/kutluyayinevi.com\/magaza\/wp-json\/wp\/v2\/product_tag?post=24266"}],"curies":[{"name":"wp","href":"https:\/\/api.w.org\/{rel}","templated":true}]}}